{"id":2144,"date":"2025-08-14T09:29:40","date_gmt":"2025-08-14T09:29:40","guid":{"rendered":"https:\/\/fyraess.se\/?post_type=product&#038;p=2144"},"modified":"2025-08-20T12:14:12","modified_gmt":"2025-08-20T12:14:12","slug":"4s-bisalva-arnica-60-ml","status":"publish","type":"product","link":"https:\/\/fyraess.se\/?product=4s-bisalva-arnica-60-ml","title":{"rendered":"4S Bisalva Arnica 60 ml"},"content":{"rendered":"<p><strong>Fyra Ess Bisalva<\/strong> \u00e4r en salva som har naturens r\u00e5varor som grund till sin sammans\u00e4ttning. Salvan \u00e4r en mjukg\u00f6rande produkt som g\u00f6r huden len och smidig. Den \u00e4r helt vattenfri vilket g\u00f6r att den kan anv\u00e4ndas \u00e4ven n\u00e4r det \u00e4r mycket kallt. Sammans\u00e4ttningen g\u00f6r att den k\u00e4nns behaglig samt att den har ett v\u00e4ldoftande inneh\u00e5ll. Anv\u00e4nds till hela kroppen men med f\u00f6rdel till h\u00e4nder och som fotv\u00e5rd. Salvan kan \u00e4ven erh\u00e5llas med <strong>Ringblom<\/strong> eller <strong>Arnica<\/strong> vilket g\u00f6r salvan ytterligare bredare i sin f\u00f6rm\u00e5ga att h\u00e5lla huden i god kondition. Salvan har f\u00f6rst\u00e4rkts med E-vitamin f\u00f6r dess goda egenskaper att dels h\u00e5lla huden i god form men \u00e4ven f\u00f6r att f\u00f6rl\u00e4nga h\u00e5llbarheten p\u00e5 salvan.<\/p>\n","protected":false},"excerpt":{"rendered":"<p>Fyra Ess Bisalva \u00e4r en salva som har naturens r\u00e5varor som grund till sin sammans\u00e4ttning. Salvan \u00e4r en mjukg\u00f6rande produkt som g\u00f6r huden len och smidig. Den \u00e4r helt vattenfri vilket g\u00f6r att den kan anv\u00e4ndas \u00e4ven n\u00e4r det \u00e4r mycket kallt. Sammans\u00e4ttningen g\u00f6r att den k\u00e4nns behaglig samt att den har ett v\u00e4ldoftande inneh\u00e5ll. [&hellip;]<\/p>\n","protected":false},"featured_media":2234,"comment_status":"open","ping_status":"closed","template":"","meta":{"_et_pb_use_builder":"","_et_pb_old_content":"","_et_gb_content_width":""},"product_brand":[],"product_cat":[25,41,33],"product_tag":[],"class_list":{"0":"post-2144","1":"product","2":"type-product","3":"status-publish","4":"has-post-thumbnail","6":"product_cat-alla-produkter","7":"product_cat-lotioner","8":"product_cat-human","10":"first","11":"instock","12":"taxable","13":"shipping-taxable","14":"purchasable","15":"product-type-simple"},"_links":{"self":[{"href":"https:\/\/fyraess.se\/index.php?rest_route=\/wp\/v2\/product\/2144","targetHints":{"allow":["GET"]}}],"collection":[{"href":"https:\/\/fyraess.se\/index.php?rest_route=\/wp\/v2\/product"}],"about":[{"href":"https:\/\/fyraess.se\/index.php?rest_route=\/wp\/v2\/types\/product"}],"replies":[{"embeddable":true,"href":"https:\/\/fyraess.se\/index.php?rest_route=%2Fwp%2Fv2%2Fcomments&post=2144"}],"wp:featuredmedia":[{"embeddable":true,"href":"https:\/\/fyraess.se\/index.php?rest_route=\/wp\/v2\/media\/2234"}],"wp:attachment":[{"href":"https:\/\/fyraess.se\/index.php?rest_route=%2Fwp%2Fv2%2Fmedia&parent=2144"}],"wp:term":[{"taxonomy":"product_brand","embeddable":true,"href":"https:\/\/fyraess.se\/index.php?rest_route=%2Fwp%2Fv2%2Fproduct_brand&post=2144"},{"taxonomy":"product_cat","embeddable":true,"href":"https:\/\/fyraess.se\/index.php?rest_route=%2Fwp%2Fv2%2Fproduct_cat&post=2144"},{"taxonomy":"product_tag","embeddable":true,"href":"https:\/\/fyraess.se\/index.php?rest_route=%2Fwp%2Fv2%2Fproduct_tag&post=2144"}],"curies":[{"name":"wp","href":"https:\/\/api.w.org\/{rel}","templated":true}]}}